{"id":1370,"date":"2020-11-23T17:50:26","date_gmt":"2020-11-23T17:50:26","guid":{"rendered":"https:\/\/avepb.pt\/cp\/?page_id=1370"},"modified":"2020-11-23T17:57:49","modified_gmt":"2020-11-23T17:57:49","slug":"missao-visao-valores","status":"publish","type":"page","link":"https:\/\/avepb.pt\/cp\/missao-visao-valores\/","title":{"rendered":"Miss\u00e3o, Vis\u00e3o, Valores"},"content":{"rendered":"\n<p>\u00c9 na trilogia formada pela\u00a0<strong>Miss\u00e3o, Vis\u00e3o e Valores<\/strong>\u00a0que est\u00e1 representada a identidade organizacional do Agrupamento de Escolas de Ponte da Barca e s\u00e3o definidos os padr\u00f5es que elevam a qualidade da nossa pr\u00e1tica, potenciando a excel\u00eancia.<\/p>\n\n\n\n<div style=\"height:30px\" aria-hidden=\"true\" class=\"wp-block-spacer\"><\/div>\n\n\n\n<h2><strong>Miss\u00e3o<\/strong><\/h2>\n\n\n\n<p>A principal miss\u00e3o do Agrupamento de Escolas de Ponte da Barca \u00e9 Educar\/Formar pessoas e cidad\u00e3os cada vez mais dotados de melhores qualidades, interventivos, de forma a construir uma sociedade mais harmoniosa, justa e democr\u00e1tica.<\/p>\n\n\n\n<div style=\"height:30px\" aria-hidden=\"true\" class=\"wp-block-spacer\"><\/div>\n\n\n\n<h2><strong>Vis\u00e3o<\/strong><\/h2>\n\n\n\n<p>O Agrupamento de Escolas de Ponte da Barca pretende continuar a afirmar-se como uma institui\u00e7\u00e3o que:<\/p>\n\n\n\n<ul><li>Promove o sucesso educativo;<\/li><li>Valoriza a escola e interv\u00e9m na comunidade;<\/li><li>Desenvolve compet\u00eancias sociais;<\/li><li>Procura a inova\u00e7\u00e3o e qualidade no ensino e pensa num projeto curricular inovador e sustentado;<\/li><li>Executa a articula\u00e7\u00e3o com coer\u00eancia;<\/li><li>Promove uma organiza\u00e7\u00e3o interna e funcional centrada na forma\u00e7\u00e3o dos alunos conscientes dos seus deveres de cidadania na sua dimens\u00e3o pessoal, social e ambiental;<\/li><li>Promove a socializa\u00e7\u00e3o, combatendo o absentismo e o abandono escolar;<\/li><li>Refor\u00e7a a lideran\u00e7a institucional e as lideran\u00e7as interm\u00e9dias orientadas para a qualidade educativa;<\/li><li>Valoriza o desenvolvimento e solidariedade entre todos os membros da comunidade educativa;<\/li><li>Incentiva a participa\u00e7\u00e3o das fam\u00edlias na escola e a corresponsabiliza\u00e7\u00e3o que lhes cabe no processo educativo;<\/li><li>Disponibiliza variados recursos did\u00e1ticos e promove a utiliza\u00e7\u00e3o das novas tecnologias, nomeadamente um centro de recursos dedicado aos alunos com necessidades educativas especiais.<\/li><\/ul>\n\n\n\n<div style=\"height:30px\" aria-hidden=\"true\" class=\"wp-block-spacer\"><\/div>\n\n\n\n<h2><strong>Valores<\/strong><\/h2>\n\n\n\n<p>O Agrupamento de Escolas de Ponte da Barca \u00e9 uma institui\u00e7\u00e3o p\u00fablica de ensino e de educa\u00e7\u00e3o que faz parte do sistema educativo portugu\u00eas e, por isso, est\u00e1 obrigado a formar os alunos nos&nbsp;<strong>valores nacionais<\/strong>&nbsp;e na&nbsp;<strong>cultura democr\u00e1tica da cidadania<\/strong>.<\/p>\n\n\n\n<p>A educa\u00e7\u00e3o escolar n\u00e3o se deve limitar \u00e0 aquisi\u00e7\u00e3o de cultura nas suas dimens\u00f5es liter\u00e1ria, cient\u00edfica, tecnol\u00f3gica e art\u00edstica, devendo, tamb\u00e9m, contribuir para o&nbsp;<strong>desenvolvimento global da personalidade<\/strong>, para a&nbsp;<strong>forma\u00e7\u00e3o de cidad\u00e3os livres, respons\u00e1veis, aut\u00f3nomos e solid\u00e1rios<\/strong>.<\/p>\n\n\n\n<p>Assumimos os valores, as atitudes e os comportamentos que se prendem com par\u00e2metros que s\u00e3o comuns \u00e0 nossa identidade como Na\u00e7\u00e3o e, igualmente, os valores como a dignidade humana, que transcendem o indiv\u00edduo e as fronteiras e se referem ao ser humano, independentemente da ra\u00e7a, do sexo ou da nacionalidade.<\/p>\n\n\n\n<p>Assim, o primeiro dos valores \u00e9 a&nbsp;<strong>dignidade humana<\/strong>&nbsp;assente numa moral erguida sobre a justi\u00e7a e a fraternidade e nestas como garante dessa dignidade e de comportamentos.<\/p>\n\n\n\n<p>A&nbsp;<strong>autoestima<\/strong>&nbsp;\u00e9 outro dos valores essenciais ao servi\u00e7o da dignidade humana, numa educa\u00e7\u00e3o dirigida para a &#8220;pessoa&#8221;. A educa\u00e7\u00e3o para a diversidade ter\u00e1 de real\u00e7ar a riqueza de cada indiv\u00edduo.<\/p>\n\n\n\n<p>A pertin\u00eancia pela&nbsp;<strong>valoriza\u00e7\u00e3o da dimens\u00e3o humana do trabalho<\/strong>&nbsp;como meio, a par de outros, para se atingir \u2013 com sucesso \u2013 as metas almejadas constitui outro dos objetivos.<\/p>\n\n\n\n<p>O \u00faltimo dos valores \u00e9 a&nbsp;<strong>liberdade<\/strong>. Liberdade que saiba respeitar e viver com os outros, saiba admitir a exist\u00eancia de conflitos e que estes n\u00e3o sejam um mal. Antes sim, um bem se forem curtos, pois promovem ou devem promover a mudan\u00e7a construtiva das situa\u00e7\u00f5es.<\/p>\n","protected":false},"excerpt":{"rendered":"<p>\u00c9 na trilogia formada pela\u00a0Miss\u00e3o, Vis\u00e3o e Valores\u00a0que est\u00e1 representada a identidade organizacional do Agrupamento de Escolas de Ponte da Barca e s\u00e3o definidos os padr\u00f5es que elevam a qualidade da nossa pr\u00e1tica, potenciando a excel\u00eancia. Miss\u00e3o A principal miss\u00e3o <a href=\"https:\/\/avepb.pt\/cp\/missao-visao-valores\/\" class=\"read-more\">Ler mais &#8230;<\/a><\/p>\n","protected":false},"author":3,"featured_media":0,"parent":0,"menu_order":0,"comment_status":"closed","ping_status":"closed","template":"","meta":[],"_links":{"self":[{"href":"https:\/\/avepb.pt\/cp\/wp-json\/wp\/v2\/pages\/1370"}],"collection":[{"href":"https:\/\/avepb.pt\/cp\/wp-json\/wp\/v2\/pages"}],"about":[{"href":"https:\/\/avepb.pt\/cp\/wp-json\/wp\/v2\/types\/page"}],"author":[{"embeddable":true,"href":"https:\/\/avepb.pt\/cp\/wp-json\/wp\/v2\/users\/3"}],"replies":[{"embeddable":true,"href":"https:\/\/avepb.pt\/cp\/wp-json\/wp\/v2\/comments?post=1370"}],"version-history":[{"count":2,"href":"https:\/\/avepb.pt\/cp\/wp-json\/wp\/v2\/pages\/1370\/revisions"}],"predecessor-version":[{"id":1373,"href":"https:\/\/avepb.pt\/cp\/wp-json\/wp\/v2\/pages\/1370\/revisions\/1373"}],"wp:attachment":[{"href":"https:\/\/avepb.pt\/cp\/wp-json\/wp\/v2\/media?parent=1370"}],"curies":[{"name":"wp","href":"https:\/\/api.w.org\/{rel}","templated":true}]}}