{"id":257,"date":"2020-09-07T22:33:41","date_gmt":"2020-09-07T22:33:41","guid":{"rendered":"http:\/\/avepb.pt\/cptm\/?page_id=257"},"modified":"2020-10-26T19:06:56","modified_gmt":"2020-10-26T19:06:56","slug":"faq","status":"publish","type":"page","link":"https:\/\/avepb.pt\/cp\/faq\/","title":{"rendered":"FAQ (Perguntas Frequentes)"},"content":{"rendered":"\n<p><strong>Como se sabe que cursos v\u00e3o abrir em cada ano?<\/strong><br>S\u00f3 saberemos os cursos que ir\u00e3o iniciar em cada ano letivo, ap\u00f3s a decis\u00e3o do Minist\u00e9rio da Educa\u00e7\u00e3o \u00e0 candidatura efetuada pela escola.<\/p>\n\n\n\n<p><strong>\u200bQuem pode candidatar-se \u00e0 frequ\u00eancia dos Cursos Profissionais?<\/strong><br>Qualquer aluno que tenha conclu\u00eddo o 9.\u00baAno de escolaridade, ou com habilita\u00e7\u00e3o equivalente ou ainda que n\u00e3o tenha conclu\u00eddo o ensino secund\u00e1rio, desde que, \u00e0 data de 1 de setembro, do ano em que inicia o curso, tenha preferencialmente 18 anos. Qualquer excep\u00e7\u00e3o ser\u00e1 analisada pelo Diretor.<\/p>\n\n\n\n<p><strong>Quando \u00e9 efetuada a matr\u00edcula?<\/strong><br>As matr\u00edculas realizam-se de acordo com o calend\u00e1rio escolar e aprovado em Conselho Pedag\u00f3gico. As vagas s\u00e3o limitadas e preenchidas por ordem de inscri\u00e7\u00e3o.<\/p>\n\n\n\n<p><strong>Como \u00e9 feita a matr\u00edcula?<\/strong><br>A matr\u00edcula \u00e9 feita na escola sede.<\/p>\n\n\n\n<p><strong>Posso efetuar a matr\u00edcula, mesmo sem ter conclu\u00eddo o 9.\u00baAno?<\/strong><br>Podes fazer a inscri\u00e7\u00e3o e assegurar a tua vaga. Esta fica condicionada at\u00e9 ao final do ano letivo, quando ter\u00e1s de apresentar o certificado de conclus\u00e3o do 9.\u00baAno.<\/p>\n\n\n\n<p><strong>\u200bQuando come\u00e7am as  aulas?<\/strong><br>Em setembro e seguem um calend\u00e1rio letivo pr\u00f3prio, mas id\u00eantico \u00e0s outras val\u00eancias do ensino secund\u00e1rio.<\/p>\n\n\n\n<p><strong>\u200bJ\u00e1 fiz o 10.\u00ba \/11.\u00baAno. H\u00e1 equival\u00eancia \u00e0s disciplinas que j\u00e1 tive?<\/strong><br>Os pedidos de equival\u00eancia s\u00e3o feitos ao Diretor no in\u00edcio do ano letivo. Nas disciplinas das componentes sociocultural e cient\u00edfica, desde que equivalentes, poder\u00e3o ser concedidas ap\u00f3s an\u00e1lise caso a caso.<br> Nas disciplinas da componente t\u00e9cnica de cada curso, geralmente, n\u00e3o s\u00e3o concedidas equival\u00eancias, exceto se o aluno tiver frequentado o mesmo curso profissional.<\/p>\n\n\n\n<p><strong>\u200bOs cursos t\u00eam est\u00e1gio?<\/strong><br>Sim. A Forma\u00e7\u00e3o em Contexto de Trabalho (FCT), assim como a Prova de Aptid\u00e3o Profissional (PAP).<\/p>\n\n\n\n<p><strong>\u200bQuem arranja o est\u00e1gio?<\/strong><br>A Escola \u00e9 a respons\u00e1vel pela coloca\u00e7\u00e3o do aluno em est\u00e1gio.<\/p>\n\n\n\n<p><strong>\u200bEstes Cursos preparam para o mercado de trabalho de forma a garantir emprego no final dos cursos?<br><\/strong>Sim, os cursos profissionais t\u00eam uma componente muito pr\u00e1tica, n\u00e3o esquecendo as \u00e1reas sociocultural e cient\u00edfica, com a realiza\u00e7\u00e3o frequente de trabalhos individuais ou de grupo ao longo dos 3 anos, participa\u00e7\u00e3o com trabalhos em concursos internos ou externos e forma\u00e7\u00e3o em contexto de trabalho. No 3\u00ba ano, individualmente, o aluno far\u00e1 a apresenta\u00e7\u00e3o da sua PAP, para a conclus\u00e3o do curso.<\/p>\n\n\n\n<p><strong>\u200bDepois posso candidatar-me ao ensino superior?<\/strong><br>Sim. No final dos 3 anos de curso, com aproveitamento, o aluno fica com equival\u00eancia ao 12\u00ba ano de escolaridade, podendo candidatar-se a um curso superior.<\/p>\n\n\n\n<p><strong>\u200bQuais as vantagens do ensino profissional?<\/strong><br>O ensino profissional possibilita uma forte forma\u00e7\u00e3o pr\u00e1tica e um grande contacto com o mundo empresarial. E, \u00e9 nesse sentido que facilita a entrada no mercado de trabalho. No entanto, n\u00e3o \u00e9 obrigat\u00f3rio que o aluno saia da escola e d\u00ea de imediato in\u00edcio a uma carreira profissional. A grande vantagem do ensino profissional \u00e9 que deixa a porta aberta para v\u00e1rios caminhos. O aluno, ao terminar o curso, pode ingressar no mercado de trabalho de imediato ou optar por prosseguir estudos.<\/p>\n","protected":false},"excerpt":{"rendered":"<p>Como se sabe que cursos v\u00e3o abrir em cada ano?<br \/>\n\u200bQuem pode candidatar-se \u00e0 frequ\u00eancia dos Cursos Profissionais?<br \/>\nQuando \u00e9 efetuada a matr\u00edcula?<br \/>\n\u200bOs cursos t\u00eam est\u00e1gio?<br \/>\nQuem arranja o est\u00e1gio?<br \/>\nDepois posso candidatar-me ao ensino superior?<\/p>\n","protected":false},"author":3,"featured_media":833,"parent":0,"menu_order":0,"comment_status":"closed","ping_status":"closed","template":"","meta":[],"_links":{"self":[{"href":"https:\/\/avepb.pt\/cp\/wp-json\/wp\/v2\/pages\/257"}],"collection":[{"href":"https:\/\/avepb.pt\/cp\/wp-json\/wp\/v2\/pages"}],"about":[{"href":"https:\/\/avepb.pt\/cp\/wp-json\/wp\/v2\/types\/page"}],"author":[{"embeddable":true,"href":"https:\/\/avepb.pt\/cp\/wp-json\/wp\/v2\/users\/3"}],"replies":[{"embeddable":true,"href":"https:\/\/avepb.pt\/cp\/wp-json\/wp\/v2\/comments?post=257"}],"version-history":[{"count":8,"href":"https:\/\/avepb.pt\/cp\/wp-json\/wp\/v2\/pages\/257\/revisions"}],"predecessor-version":[{"id":1162,"href":"https:\/\/avepb.pt\/cp\/wp-json\/wp\/v2\/pages\/257\/revisions\/1162"}],"wp:featuredmedia":[{"embeddable":true,"href":"https:\/\/avepb.pt\/cp\/wp-json\/wp\/v2\/media\/833"}],"wp:attachment":[{"href":"https:\/\/avepb.pt\/cp\/wp-json\/wp\/v2\/media?parent=257"}],"curies":[{"name":"wp","href":"https:\/\/api.w.org\/{rel}","templated":true}]}}