{"id":368,"date":"2020-09-10T17:45:02","date_gmt":"2020-09-10T17:45:02","guid":{"rendered":"http:\/\/avepb.pt\/cp\/?page_id=368"},"modified":"2025-02-03T11:43:03","modified_gmt":"2025-02-03T11:43:03","slug":"eqavet-questionarios","status":"publish","type":"page","link":"https:\/\/avepb.pt\/cp\/garantia-da-qualidade-eqavet\/eqavet-questionarios\/","title":{"rendered":"Question\u00e1rios"},"content":{"rendered":"\n<div class=\"wp-block-columns\">\n<div class=\"wp-block-column\" style=\"flex-basis:66.66%\">\n<p>Aqui pretendemos apresentar os question\u00e1rios de ausculta\u00e7\u00e3o levados a cabo junto da comunidade educativa e parceiros e divulgar os resultados e conclus\u00f5es obtidos.<\/p>\n\n\n\n<p><strong>Question\u00e1rios<\/strong>:<\/p>\n\n\n\n<ul><li><a rel=\"noreferrer noopener\" href=\"https:\/\/docs.google.com\/forms\/d\/e\/1FAIpQLSeAmt4QpPFUEoHOMGzzFBValJHOAs0yW-FISjhKr_qAIvxmtw\/viewform\" target=\"_blank\">Alunos<\/a><\/li><li><a rel=\"noreferrer noopener\" href=\"https:\/\/docs.google.com\/forms\/d\/e\/1FAIpQLScV5QZNUDsmJNuQsucUR5rmHLB-WcMo33HJZFBNY96CEjmdGg\/viewform\" target=\"_blank\">Docentes<\/a><\/li><li><a rel=\"noreferrer noopener\" href=\"https:\/\/docs.google.com\/forms\/d\/e\/1FAIpQLSeIAzca51rVsx4kQ11_BQOBLew2a6TZX85xcxY3b5vhqMXauQ\/viewform\" target=\"_blank\">N\u00e3o Docentes<\/a><\/li><li><a rel=\"noreferrer noopener\" href=\"https:\/\/docs.google.com\/forms\/d\/e\/1FAIpQLSehiF-WYjhjq99ioE4JiAuDm9e7Bc_Ho598JeP4TQxFsPhdfA\/viewform\" target=\"_blank\">Encarregados de Educa\u00e7\u00e3o<\/a><\/li><li><a rel=\"noreferrer noopener\" href=\"https:\/\/docs.google.com\/forms\/d\/e\/1FAIpQLSfWUUiZjSiUkGuoMriY2jpXBjTDEAn7UGlpfvmeua1vHjJyyQ\/viewform\" target=\"_blank\">Ex-alunos<\/a><\/li><li><a rel=\"noreferrer noopener\" href=\"https:\/\/docs.google.com\/forms\/d\/e\/1FAIpQLSfMM9wvDERIwhPxE3D31P7Xf_2wZp0v-wDCOKnOi0uRmVHtQQ\/viewform\" target=\"_blank\">Stakeholders Externos<\/a><\/li><li><a rel=\"noreferrer noopener\" href=\"https:\/\/docs.google.com\/forms\/d\/e\/1FAIpQLSf16j2pOrsZdYe6aQdD9qMvcB2-QTzxh4l-ObYEt-Zy-RiHaQ\/viewform\" target=\"_blank\">Avalia\u00e7\u00e3o da satisfa\u00e7\u00e3o da Empresa relativamente aos alunos FCT<\/a><\/li><\/ul>\n\n\n\n<div style=\"height:26px\" aria-hidden=\"true\" class=\"wp-block-spacer\"><\/div>\n\n\n\n<p><strong>Resultados da ausculta\u00e7\u00e3o:<\/strong><\/p>\n\n\n\n<ul id=\"block-29e0a3dd-47ef-4d44-82dc-1889575fe118\"><li><strong>Fevereiro de 2025:<\/strong><ul><li><a href=\"https:\/\/avepb.pt\/cp\/wp-content\/uploads\/2025\/02\/eqavet-relatorio-questionarios-_-intermedio-_-alunos-_-fevereiro-2025.pdf\" target=\"_blank\" rel=\"noreferrer noopener\">Alunos<\/a><\/li><li><a href=\"https:\/\/avepb.pt\/cp\/wp-content\/uploads\/2025\/02\/eqavet-relatorio-questionarios-_-intermedio-_-docentes-_-fevereiro-2025.pdf\" target=\"_blank\" rel=\"noreferrer noopener\">Docentes<\/a><\/li><li><a href=\"https:\/\/avepb.pt\/cp\/wp-content\/uploads\/2025\/02\/eqavet-relatorio-questionarios-_-intermedio-_-EE-_-fevereiro-2025.pdf\" target=\"_blank\" rel=\"noreferrer noopener\">Encarregados de Educa\u00e7\u00e3o<\/a><\/li><li><a href=\"https:\/\/avepb.pt\/cp\/wp-content\/uploads\/2025\/02\/eqavet-relatorio-questionarios-_-intermedio-_-nao-docentes-_-fevereiro-2025.pdf\" target=\"_blank\" rel=\"noreferrer noopener\">N\u00e3o Docentes<\/a><\/li><\/ul><\/li><\/ul>\n\n\n\n<ul id=\"block-1c5cb353-354a-4b79-81b2-27373df45f9b\"><li><strong>Julho de 2024:<\/strong><ul><li><a href=\"https:\/\/avepb.pt\/cp\/wp-content\/uploads\/2025\/02\/eqavet-relatorio-questionarios-_-final-de-ano-_-alunos-_-julho-2024.pdf\" target=\"_blank\" rel=\"noreferrer noopener\">Alunos<\/a><\/li><li><a href=\"https:\/\/avepb.pt\/cp\/wp-content\/uploads\/2025\/02\/eqavet-relatorio-questionarios-_-final-de-ano-_-docentes-_-julho-2024.pdf\" target=\"_blank\" rel=\"noreferrer noopener\">Docentes<\/a><\/li><li><a href=\"https:\/\/avepb.pt\/cp\/wp-content\/uploads\/2025\/02\/eqavet-relatorio-questionarios-_-final-de-ano-_-EE-_-julho-2024.pdf\" target=\"_blank\" rel=\"noreferrer noopener\">Encarregados de Educa\u00e7\u00e3o<\/a><\/li><li><a href=\"https:\/\/avepb.pt\/cp\/wp-content\/uploads\/2025\/02\/eqavet-relatorio-questionarios-_-final-de-ano_-nao-docentes-_-julho-2024.pdf\" target=\"_blank\" rel=\"noreferrer noopener\">N\u00e3o Docentes<\/a><\/li><li><a href=\"https:\/\/avepb.pt\/cp\/wp-content\/uploads\/2025\/02\/eqavet-relatorio-questionarios-_-final-de-ano_-interessados-externos_-julho-2024.pdf\" target=\"_blank\" rel=\"noreferrer noopener\">Stakeholders Externos<\/a><\/li><\/ul><\/li><\/ul>\n\n\n\n<ul id=\"block-1055711e-1fc2-4caf-a85c-440c3cbc0738\"><li><strong>Mar\u00e7o de 2024:<\/strong><ul><li><a href=\"https:\/\/avepb.pt\/cp\/wp-content\/uploads\/2025\/02\/eqavet-relatorio-questionarios-_-intermedio-_-alunos-_-marco-2024.pdf\" target=\"_blank\" rel=\"noreferrer noopener\">Alunos<\/a><\/li><li><a href=\"https:\/\/avepb.pt\/cp\/wp-content\/uploads\/2025\/02\/eqavet-relatorio-questionarios-_-intermedio-_-docentes-_-marco-2024.pdf\" target=\"_blank\" rel=\"noreferrer noopener\">Docentes<\/a><\/li><li><a href=\"https:\/\/avepb.pt\/cp\/wp-content\/uploads\/2025\/02\/eqavet-relatorio-questionarios-_-intermedio-_-EE-_-marco-2024.pdf\" target=\"_blank\" rel=\"noreferrer noopener\">Encarregados de Educa\u00e7\u00e3o<\/a><\/li><li><a href=\"https:\/\/avepb.pt\/cp\/wp-content\/uploads\/2025\/02\/eqavet-relatorio-questionarios-_-intermedio-_-nao-docentes-_-marco-2024.pdf\" target=\"_blank\" rel=\"noreferrer noopener\">N\u00e3o Docentes<\/a><\/li><\/ul><\/li><\/ul>\n\n\n\n<ul id=\"block-ffedec2d-7e43-4c87-bed7-eae478854331\"><li><strong>Julho de 2023:<\/strong><ul><li><a rel=\"noreferrer noopener\" href=\"https:\/\/avepb.pt\/cp\/wp-content\/uploads\/2024\/01\/relatorio-questionarios-alunos-julho2023.pdf\" target=\"_blank\">Alunos<\/a><\/li><li><a rel=\"noreferrer noopener\" href=\"https:\/\/avepb.pt\/cp\/wp-content\/uploads\/2024\/01\/relatorio-questionarios-docentes-julho2023.pdf\" target=\"_blank\">Docentes<\/a><\/li><li><a rel=\"noreferrer noopener\" href=\"https:\/\/avepb.pt\/cp\/wp-content\/uploads\/2024\/01\/relatorio_questionarios_EE_julho_2023.pdf\" target=\"_blank\">Encarregados de Educa\u00e7\u00e3o<\/a><\/li><li><a href=\"https:\/\/avepb.pt\/cp\/wp-content\/uploads\/2024\/01\/relatorio-questionarios-pessoal-nao-docente-julho2023.pdf\" target=\"_blank\" rel=\"noreferrer noopener\">N\u00e3o Docentes<\/a><\/li><\/ul><\/li><\/ul>\n\n\n\n<ul id=\"block-ffedec2d-7e43-4c87-bed7-eae478854331\"><li><strong>Mar\u00e7o de 2023:<\/strong><ul><li><a href=\"https:\/\/avepb.pt\/cp\/wp-content\/uploads\/2024\/01\/relatorio-questionarios-alunos-marco2023.pdf\" target=\"_blank\" rel=\"noreferrer noopener\">Alunos<\/a><\/li><li><a href=\"https:\/\/avepb.pt\/cp\/wp-content\/uploads\/2024\/01\/relatorio-questionarios-docentes-marco2023.pdf\" target=\"_blank\" rel=\"noreferrer noopener\">Docentes<\/a><\/li><li><a href=\"https:\/\/avepb.pt\/cp\/wp-content\/uploads\/2024\/01\/relatorio_questionarios_EE_marco_2023.pdf\" target=\"_blank\" rel=\"noreferrer noopener\">Encarregados de Educa\u00e7\u00e3o<\/a><\/li><\/ul><\/li><\/ul>\n\n\n\n<ul id=\"block-ffedec2d-7e43-4c87-bed7-eae478854331\"><li><strong>Julho de 2022:<\/strong><ul><li><a href=\"https:\/\/avepb.pt\/cp\/wp-content\/uploads\/2023\/02\/relatorio-questionarios-alunos-julho2022.pdf\" target=\"_blank\" rel=\"noreferrer noopener\">Alunos<\/a><\/li><li><a href=\"https:\/\/avepb.pt\/cp\/wp-content\/uploads\/2023\/02\/relatorio-questionarios-docentes-julho2022.pdf\" target=\"_blank\" rel=\"noreferrer noopener\">Docentes<\/a><\/li><li><a href=\"https:\/\/avepb.pt\/cp\/wp-content\/uploads\/2023\/02\/relatorio-questionarios-parceiros-externos_-EE-julho2022.pdf\" target=\"_blank\" rel=\"noreferrer noopener\">Encarregados de Educa\u00e7\u00e3o<\/a><\/li><\/ul><\/li><\/ul>\n\n\n\n<ul id=\"block-bed7c82b-325d-4eb9-8e7e-9f2cea2466eb\"><li><strong>Mar\u00e7o de 2022:<\/strong><ul><li><a rel=\"noreferrer noopener\" href=\"https:\/\/avepb.pt\/cp\/wp-content\/uploads\/2023\/02\/relatorio-questionarios-alunos-marco2022.pdf\" target=\"_blank\">Alunos<\/a><\/li><li><a rel=\"noreferrer noopener\" href=\"https:\/\/avepb.pt\/cp\/wp-content\/uploads\/2023\/02\/relatorio-questionarios-docentes-marco2022.pdf\" target=\"_blank\">Docentes<\/a><\/li><li><a rel=\"noreferrer noopener\" href=\"https:\/\/avepb.pt\/cp\/wp-content\/uploads\/2023\/02\/relatorio-questionarios-pessoal-nao-docente-marco2022.pdf\" target=\"_blank\">N\u00e3o Docentes<\/a><\/li><\/ul><\/li><\/ul>\n\n\n\n<ul id=\"block-bec198d2-8223-4157-8db9-cdee407a55f2\"><li><strong>Julho de 2021:<\/strong><ul><li><a rel=\"noreferrer noopener\" href=\"https:\/\/avepb.pt\/cp\/wp-content\/uploads\/2022\/02\/relatorio_questionarios_alunos_julho_2021.pdf\" target=\"_blank\">Alunos<\/a><\/li><li><a rel=\"noreferrer noopener\" href=\"https:\/\/avepb.pt\/cp\/wp-content\/uploads\/2022\/02\/relatorio_questionarios_docentes_julho_2021.pdf\" target=\"_blank\">Docentes<\/a><\/li><li><a rel=\"noreferrer noopener\" href=\"https:\/\/avepb.pt\/cp\/wp-content\/uploads\/2022\/02\/relatorio_questionarios_EE_julho_2021.pdf\" target=\"_blank\">Encarregados de Educa\u00e7\u00e3o<\/a><\/li><li><a rel=\"noreferrer noopener\" href=\"https:\/\/avepb.pt\/cp\/wp-content\/uploads\/2022\/02\/relatorio_questionarios_FCT_julho_2021.pdf\" target=\"_blank\">Empresas FCT<\/a><\/li><\/ul><\/li><\/ul>\n\n\n\n<ul><li><strong>Mar\u00e7o de 2021:<\/strong><ul><li><a rel=\"noreferrer noopener\" href=\"https:\/\/avepb.pt\/cp\/wp-content\/uploads\/2021\/05\/relatorio-questionarios-alunos-marco-2021.pdf\" target=\"_blank\">Alunos<\/a><\/li><li><a rel=\"noreferrer noopener\" href=\"https:\/\/avepb.pt\/cp\/wp-content\/uploads\/2021\/05\/relatorio-questionarios-docentes-marco-2021.pdf\" target=\"_blank\">Docentes<\/a><\/li><li><a rel=\"noreferrer noopener\" href=\"https:\/\/avepb.pt\/cp\/wp-content\/uploads\/2021\/05\/relatorio-questionarios-parceiros-externos-EE-marco-2021.pdf\" target=\"_blank\">Encarregados de Educa\u00e7\u00e3o<\/a><\/li><li><a rel=\"noreferrer noopener\" href=\"https:\/\/avepb.pt\/cp\/wp-content\/uploads\/2021\/05\/relatorio-questionarios-pessoal-nao-docente-marco-2021.pdf\" target=\"_blank\">N\u00e3o Docentes<\/a><\/li><\/ul><\/li><\/ul>\n\n\n\n<ul><li><strong>Julho de 2020:<\/strong><ul><li><a rel=\"noreferrer noopener\" href=\"https:\/\/avepb.pt\/cp\/wp-content\/uploads\/2020\/12\/Relatorio-questionarios-alunos.pdf\" target=\"_blank\">Alunos<\/a><\/li><li><a rel=\"noreferrer noopener\" href=\"https:\/\/avepb.pt\/cp\/wp-content\/uploads\/2020\/12\/Relatorio-questionarios-docentes.pdf\" target=\"_blank\">Docentes<\/a><\/li><li><a rel=\"noreferrer noopener\" href=\"https:\/\/avepb.pt\/cp\/wp-content\/uploads\/2020\/12\/Relatorio-questionarios-parceiros-externos_-EE.pdf\" target=\"_blank\">Encarregados de Educa\u00e7\u00e3o<\/a><\/li><li><a rel=\"noreferrer noopener\" href=\"https:\/\/avepb.pt\/cp\/wp-content\/uploads\/2020\/12\/Relatorio-questionarios-ex-alunos.pdf\" target=\"_blank\">Ex-alunos<\/a><\/li><li><a rel=\"noreferrer noopener\" href=\"https:\/\/avepb.pt\/cp\/wp-content\/uploads\/2020\/12\/Relatorio-questionarios-parceiros-externos.pdf\" target=\"_blank\">Stakeholders Externos<\/a><\/li><\/ul><\/li><\/ul>\n\n\n\n<p><\/p>\n<\/div>\n\n\n\n<div class=\"wp-block-column\" style=\"flex-basis:33.33%\">\n<figure class=\"wp-block-image size-large\"><a href=\"https:\/\/docs.google.com\/forms\/d\/e\/1FAIpQLSfR8TFIaprUVIsogLcw7BcSsaHEfVDyXHctmHF-Ft2RaK9rlA\/viewform\" target=\"_blank\" rel=\"noopener noreferrer\"><img loading=\"lazy\" width=\"324\" height=\"448\" src=\"http:\/\/avepb.pt\/cp\/wp-content\/uploads\/2020\/10\/form_sugestoes_melhoria.jpg\" alt=\"\" class=\"wp-image-1167\" srcset=\"https:\/\/avepb.pt\/cp\/wp-content\/uploads\/2020\/10\/form_sugestoes_melhoria.jpg 324w, https:\/\/avepb.pt\/cp\/wp-content\/uploads\/2020\/10\/form_sugestoes_melhoria-217x300.jpg 217w, https:\/\/avepb.pt\/cp\/wp-content\/uploads\/2020\/10\/form_sugestoes_melhoria-195x270.jpg 195w\" sizes=\"(max-width: 324px) 100vw, 324px\" \/><\/a><\/figure>\n<\/div>\n<\/div>\n\n\n\n<div style=\"height:30px\" aria-hidden=\"true\" class=\"wp-block-spacer\"><\/div>\n\n\n\n<hr class=\"wp-block-separator is-style-wide\"\/>\n\n\n\n<div class=\"wp-block-image\"><figure class=\"aligncenter size-full\"><img loading=\"lazy\" width=\"900\" height=\"50\" src=\"http:\/\/avepb.pt\/cp\/wp-content\/uploads\/2020\/09\/rodape_eqavet.jpg\" alt=\"\" class=\"wp-image-463\" srcset=\"https:\/\/avepb.pt\/cp\/wp-content\/uploads\/2020\/09\/rodape_eqavet.jpg 900w, https:\/\/avepb.pt\/cp\/wp-content\/uploads\/2020\/09\/rodape_eqavet-300x17.jpg 300w, https:\/\/avepb.pt\/cp\/wp-content\/uploads\/2020\/09\/rodape_eqavet-768x43.jpg 768w, https:\/\/avepb.pt\/cp\/wp-content\/uploads\/2020\/09\/rodape_eqavet-360x20.jpg 360w\" sizes=\"(max-width: 900px) 100vw, 900px\" \/><\/figure><\/div>\n","protected":false},"excerpt":{"rendered":"<p>Aqui pretendemos apresentar os question\u00e1rios de ausculta\u00e7\u00e3o levados a cabo junto da comunidade educativa e parceiros e divulgar os resultados e conclus\u00f5es obtidos. Question\u00e1rios: Alunos Docentes N\u00e3o Docentes Encarregados de Educa\u00e7\u00e3o Ex-alunos Stakeholders Externos Avalia\u00e7\u00e3o da satisfa\u00e7\u00e3o da Empresa relativamente <a href=\"https:\/\/avepb.pt\/cp\/garantia-da-qualidade-eqavet\/eqavet-questionarios\/\" class=\"read-more\">Ler mais &#8230;<\/a><\/p>\n","protected":false},"author":3,"featured_media":0,"parent":350,"menu_order":0,"comment_status":"closed","ping_status":"closed","template":"","meta":[],"_links":{"self":[{"href":"https:\/\/avepb.pt\/cp\/wp-json\/wp\/v2\/pages\/368"}],"collection":[{"href":"https:\/\/avepb.pt\/cp\/wp-json\/wp\/v2\/pages"}],"about":[{"href":"https:\/\/avepb.pt\/cp\/wp-json\/wp\/v2\/types\/page"}],"author":[{"embeddable":true,"href":"https:\/\/avepb.pt\/cp\/wp-json\/wp\/v2\/users\/3"}],"replies":[{"embeddable":true,"href":"https:\/\/avepb.pt\/cp\/wp-json\/wp\/v2\/comments?post=368"}],"version-history":[{"count":30,"href":"https:\/\/avepb.pt\/cp\/wp-json\/wp\/v2\/pages\/368\/revisions"}],"predecessor-version":[{"id":1982,"href":"https:\/\/avepb.pt\/cp\/wp-json\/wp\/v2\/pages\/368\/revisions\/1982"}],"up":[{"embeddable":true,"href":"https:\/\/avepb.pt\/cp\/wp-json\/wp\/v2\/pages\/350"}],"wp:attachment":[{"href":"https:\/\/avepb.pt\/cp\/wp-json\/wp\/v2\/media?parent=368"}],"curies":[{"name":"wp","href":"https:\/\/api.w.org\/{rel}","templated":true}]}}