{"id":372,"date":"2020-09-10T17:47:31","date_gmt":"2020-09-10T17:47:31","guid":{"rendered":"http:\/\/avepb.pt\/cp\/?page_id=372"},"modified":"2025-02-19T19:47:19","modified_gmt":"2025-02-19T19:47:19","slug":"eqavet-resultados","status":"publish","type":"page","link":"https:\/\/avepb.pt\/cp\/garantia-da-qualidade-eqavet\/eqavet-resultados\/","title":{"rendered":"Resultados"},"content":{"rendered":"\n<h2>Relat\u00f3rio Ensino Profissional<\/h2>\n\n\n\n<ul><li><a rel=\"noreferrer noopener\" href=\"https:\/\/avepb.pt\/cp\/wp-content\/uploads\/2020\/12\/Relatorio_1920_Profissional_EQAVET.pdf\" target=\"_blank\">Relat\u00f3rio de autoavalia\u00e7\u00e3o (Ensino Profissional 2019\/2020)<\/a><\/li><\/ul>\n\n\n\n<p><\/p>\n\n\n\n<ul><li><a rel=\"noreferrer noopener\" href=\"https:\/\/avepb.pt\/cp\/wp-content\/uploads\/2022\/02\/Relatorio_profissional_2020-2021_P1.pdf\" target=\"_blank\">Relat\u00f3rio de autoavalia\u00e7\u00e3o 1.\u00ba Per\u00edodo (Ensino Profissional 2020\/2021)<\/a><\/li><li><a rel=\"noreferrer noopener\" href=\"https:\/\/avepb.pt\/cp\/wp-content\/uploads\/2022\/02\/Relatorio_profissional_2020-2021_P2.pdf\" target=\"_blank\">Relat\u00f3rio de autoavalia\u00e7\u00e3o 2.\u00ba Per\u00edodo (Ensino Profissional 2020\/2021)<\/a><\/li><li><a rel=\"noreferrer noopener\" href=\"https:\/\/avepb.pt\/cp\/wp-content\/uploads\/2022\/02\/Relatorio_profissional_2020-2021_P3.pdf\" target=\"_blank\">Relat\u00f3rio de autoavalia\u00e7\u00e3o 3.\u00ba Per\u00edodo (Ensino Profissional 2020\/2021)<\/a><\/li><\/ul>\n\n\n\n<p><\/p>\n\n\n\n<ul><li><a rel=\"noreferrer noopener\" href=\"https:\/\/avepb.pt\/cp\/wp-content\/uploads\/2023\/02\/Relatorio_profissional_P1_2021-2022.pdf\" target=\"_blank\">Relat\u00f3rio de autoavalia\u00e7\u00e3o 1.\u00ba Per\u00edodo (Ensino Profissional 2021\/2022)<\/a><\/li><li><a rel=\"noreferrer noopener\" href=\"https:\/\/avepb.pt\/cp\/wp-content\/uploads\/2023\/02\/Relatorio_profissional_P2_2021-2022.pdf\" target=\"_blank\">Relat\u00f3rio de autoavalia\u00e7\u00e3o 2.\u00ba Per\u00edodo (Ensino Profissional 2021\/2022)<\/a><\/li><li><a href=\"https:\/\/avepb.pt\/cp\/wp-content\/uploads\/2023\/03\/Relatorio_profissional_P3_2021-2022.pdf\" target=\"_blank\" rel=\"noreferrer noopener\">Relat\u00f3rio de autoavalia\u00e7\u00e3o 3.\u00ba Per\u00edodo (Ensino Profissional 2021\/2022)<\/a><\/li><\/ul>\n\n\n\n<ul><li><a rel=\"noreferrer noopener\" href=\"https:\/\/avepb.pt\/cp\/wp-content\/uploads\/2024\/02\/Relatorio_profissional_P1_22_23.pdf\" target=\"_blank\">Relat\u00f3rio de autoavalia\u00e7\u00e3o 1.\u00ba Per\u00edodo (Ensino Profissional 2022\/2023)<\/a><\/li><li><a href=\"https:\/\/avepb.pt\/cp\/wp-content\/uploads\/2024\/02\/Relatorio_profissional_P2_22_23.pdf\" target=\"_blank\" rel=\"noreferrer noopener\">Relat\u00f3rio de autoavalia\u00e7\u00e3o 2.\u00ba Per\u00edodo (Ensino Profissional 2022\/2023)<\/a><\/li><li><a rel=\"noreferrer noopener\" href=\"https:\/\/avepb.pt\/cp\/wp-content\/uploads\/2024\/02\/Relatorio_profissional_P3_22_23.pdf\" target=\"_blank\">Relat\u00f3rio de autoavalia\u00e7\u00e3o 3.\u00ba Per\u00edodo (Ensino Profissional 2022\/2023)<\/a><\/li><\/ul>\n\n\n\n<div style=\"height:30px\" aria-hidden=\"true\" class=\"wp-block-spacer\"><\/div>\n\n\n\n<h2>Resultados Intercalares<\/h2>\n\n\n\n<p>Aqui apresentamos os indicadores estrat\u00e9gicos de monitoriza\u00e7\u00e3o intercalar que ir\u00e3o permitir a obten\u00e7\u00e3o de informa\u00e7\u00e3o que sustente a fase de revis\u00e3o\/reflex\u00e3o no processo c\u00edclico de melhoria cont\u00ednua da oferta de Ensino e Forma\u00e7\u00e3o Profissional, associados a mecanismos de alerta face ao sucesso escolar\/formativo.<\/p>\n\n\n\n<ul><li><a rel=\"noreferrer noopener\" href=\"http:\/\/avepb.pt\/cp\/wp-content\/uploads\/2020\/10\/Indicadores-Intermedios-30-Out-2020.pdf\" target=\"_blank\">Indicadores Interm\u00e9dios (atualiza\u00e7\u00e3o: outubro\/2020)<\/a><\/li><li><a rel=\"noreferrer noopener\" href=\"https:\/\/avepb.pt\/cp\/wp-content\/uploads\/2022\/02\/Indicadores-Intermedios-2020-2021.pdf\" target=\"_blank\">Indicadores Interm\u00e9dios 2020\/2021<\/a><\/li><li><a rel=\"noreferrer noopener\" href=\"https:\/\/avepb.pt\/cp\/wp-content\/uploads\/2023\/02\/Indicadores-Intermedios-2021-2022.pdf\" target=\"_blank\">Indicadores Interm\u00e9dios 2021\/2022<\/a><\/li><li><a rel=\"noreferrer noopener\" href=\"https:\/\/avepb.pt\/cp\/wp-content\/uploads\/2024\/02\/Indicadores-Intermedios-2022-2023.pdf\" target=\"_blank\">Indicadores Interm\u00e9dios 2022\/2023<\/a><\/li><li><a href=\"https:\/\/avepb.pt\/cp\/wp-content\/uploads\/2025\/02\/Indicadores-Intermedios-2023-2024.pdf\" target=\"_blank\" rel=\"noreferrer noopener\">Indicadores Interm\u00e9dios 2023\/2024<\/a><\/li><\/ul>\n\n\n\n<div style=\"height:30px\" aria-hidden=\"true\" class=\"wp-block-spacer\"><\/div>\n\n\n\n<h2>Resultados Anuais<\/h2>\n\n\n\n<p>Aqui apresentamos os indicadores de resultado (indicadores EQAVET), com periodicidade anual, relativos aos diferentes tri\u00e9nios de forma\u00e7\u00e3o. Estes nortear\u00e3o as nossas estrat\u00e9gias de melhoria cont\u00ednua da l\u00f3gica de funcionamento da nossa oferta de Ensino e Forma\u00e7\u00e3o Profissional.<\/p>\n\n\n\n<ul><li><a rel=\"noreferrer noopener\" href=\"http:\/\/avepb.pt\/cp\/wp-content\/uploads\/2020\/10\/Indicadores-EQAVET-30-Out-2020.pdf\" target=\"_blank\">Indicadores Ciclo Formativo (atualiza\u00e7\u00e3o: outubro\/2020)<\/a><\/li><li><a rel=\"noreferrer noopener\" href=\"https:\/\/avepb.pt\/cp\/wp-content\/uploads\/2022\/02\/Indicadores-Ciclo-Formativo-2020-2021.pdf\" target=\"_blank\">Indicadores Ciclo Formativo 2020\/2021<\/a><\/li><li><a rel=\"noreferrer noopener\" href=\"https:\/\/avepb.pt\/cp\/wp-content\/uploads\/2023\/02\/Indicadores-Ciclo-Formativo-2021-2022.pdf\" target=\"_blank\">Indicadores Ciclo Formativo 2021\/2022<\/a><\/li><li><a rel=\"noreferrer noopener\" href=\"https:\/\/avepb.pt\/cp\/wp-content\/uploads\/2024\/02\/Indicadores-Ciclo-Formativo-2022-2023.pdf\" target=\"_blank\">Indicadores Ciclo Formativo 2022\/2023<\/a><\/li><li><a href=\"https:\/\/avepb.pt\/cp\/wp-content\/uploads\/2025\/02\/Indicadores-Ciclo-Formativo-2023-2024.pdf\" target=\"_blank\" rel=\"noreferrer noopener\">Indicadores Ciclo Formativo 2023\/2024<\/a><\/li><\/ul>\n\n\n\n<div style=\"height:30px\" aria-hidden=\"true\" class=\"wp-block-spacer\"><\/div>\n\n\n\n<hr class=\"wp-block-separator is-style-wide\"\/>\n\n\n\n<div class=\"wp-block-image\"><figure class=\"aligncenter size-full\"><img loading=\"lazy\" width=\"900\" height=\"50\" src=\"http:\/\/avepb.pt\/cp\/wp-content\/uploads\/2020\/09\/rodape_eqavet.jpg\" alt=\"\" class=\"wp-image-463\" srcset=\"https:\/\/avepb.pt\/cp\/wp-content\/uploads\/2020\/09\/rodape_eqavet.jpg 900w, https:\/\/avepb.pt\/cp\/wp-content\/uploads\/2020\/09\/rodape_eqavet-300x17.jpg 300w, https:\/\/avepb.pt\/cp\/wp-content\/uploads\/2020\/09\/rodape_eqavet-768x43.jpg 768w, https:\/\/avepb.pt\/cp\/wp-content\/uploads\/2020\/09\/rodape_eqavet-360x20.jpg 360w\" sizes=\"(max-width: 900px) 100vw, 900px\" \/><\/figure><\/div>\n","protected":false},"excerpt":{"rendered":"<p>Relat\u00f3rio Ensino Profissional Relat\u00f3rio de autoavalia\u00e7\u00e3o (Ensino Profissional 2019\/2020) Relat\u00f3rio de autoavalia\u00e7\u00e3o 1.\u00ba Per\u00edodo (Ensino Profissional 2020\/2021) Relat\u00f3rio de autoavalia\u00e7\u00e3o 2.\u00ba Per\u00edodo (Ensino Profissional 2020\/2021) Relat\u00f3rio de autoavalia\u00e7\u00e3o 3.\u00ba Per\u00edodo (Ensino Profissional 2020\/2021) Relat\u00f3rio de autoavalia\u00e7\u00e3o 1.\u00ba Per\u00edodo (Ensino Profissional <a href=\"https:\/\/avepb.pt\/cp\/garantia-da-qualidade-eqavet\/eqavet-resultados\/\" class=\"read-more\">Ler mais &#8230;<\/a><\/p>\n","protected":false},"author":3,"featured_media":0,"parent":350,"menu_order":0,"comment_status":"closed","ping_status":"closed","template":"","meta":[],"_links":{"self":[{"href":"https:\/\/avepb.pt\/cp\/wp-json\/wp\/v2\/pages\/372"}],"collection":[{"href":"https:\/\/avepb.pt\/cp\/wp-json\/wp\/v2\/pages"}],"about":[{"href":"https:\/\/avepb.pt\/cp\/wp-json\/wp\/v2\/types\/page"}],"author":[{"embeddable":true,"href":"https:\/\/avepb.pt\/cp\/wp-json\/wp\/v2\/users\/3"}],"replies":[{"embeddable":true,"href":"https:\/\/avepb.pt\/cp\/wp-json\/wp\/v2\/comments?post=372"}],"version-history":[{"count":28,"href":"https:\/\/avepb.pt\/cp\/wp-json\/wp\/v2\/pages\/372\/revisions"}],"predecessor-version":[{"id":1999,"href":"https:\/\/avepb.pt\/cp\/wp-json\/wp\/v2\/pages\/372\/revisions\/1999"}],"up":[{"embeddable":true,"href":"https:\/\/avepb.pt\/cp\/wp-json\/wp\/v2\/pages\/350"}],"wp:attachment":[{"href":"https:\/\/avepb.pt\/cp\/wp-json\/wp\/v2\/media?parent=372"}],"curies":[{"name":"wp","href":"https:\/\/api.w.org\/{rel}","templated":true}]}}