{"id":9,"date":"2020-09-07T17:05:15","date_gmt":"2020-09-07T17:05:15","guid":{"rendered":"http:\/\/avepb.pt\/cptm\/?page_id=9"},"modified":"2020-12-23T11:31:54","modified_gmt":"2020-12-23T11:31:54","slug":"cursos-profissionais","status":"publish","type":"page","link":"https:\/\/avepb.pt\/cp\/cursos-profissionais\/","title":{"rendered":"Cursos Profissionais"},"content":{"rendered":"\n<p style=\"font-size:12px\"><em>(Fonte: <a rel=\"noreferrer noopener\" href=\"https:\/\/www.anqep.gov.pt\/np4\/36.html\" target=\"_blank\">ANQEP-&gt;Jovens-&gt;Cursos Profissionais<\/a>)<\/em><\/p>\n\n\n\n<h2>O que s\u00e3o?<\/h2>\n\n\n\n<p>Os Cursos Profissionais s\u00e3o um percurso de ensino secund\u00e1rio com dupla certifica\u00e7\u00e3o, ou seja, em que se desenvolvem compet\u00eancias sociais, cient\u00edficas e profissionais necess\u00e1rias ao exerc\u00edcio de uma atividade profissional e simultaneamente se obt\u00e9m o n\u00edvel secund\u00e1rio de educa\u00e7\u00e3o.<\/p>\n\n\n\n<p>Estes cursos preparam os jovens para uma mais f\u00e1cil e qualificada inser\u00e7\u00e3o no mercado de trabalho e permitem a realiza\u00e7\u00e3o de estudos ao n\u00edvel p\u00f3s-secund\u00e1rio e ensino superior .<\/p>\n\n\n\n<div style=\"height:30px\" aria-hidden=\"true\" class=\"wp-block-spacer\"><\/div>\n\n\n\n<h2>Como funcionam?<\/h2>\n\n\n\n<p>Os Cursos Profissionais integrados no <a rel=\"noreferrer noopener\" href=\"http:\/\/www.catalogo.anqep.gov.pt\/\" target=\"_blank\">Cat\u00e1logo Nacional de Qualifica\u00e7\u00f5es<\/a> t\u00eam dura\u00e7\u00e3o de tr\u00eas anos, com uma carga hor\u00e1ria que varia entre 3100 e 3440 horas, e est\u00e3o organizados em quatro componentes de forma\u00e7\u00e3o (<a href=\"https:\/\/data.dre.pt\/eli\/port\/235-a\/2018\/08\/23\/p\/dre\/pt\/html\" target=\"_blank\" rel=\"noreferrer noopener\">Portaria n.\u00ba 235-A \/ 2018, de 23 de agosto<\/a>):<\/p>\n\n\n\n<ul><li><strong>Forma\u00e7\u00e3o Sociocultural<\/strong> &#8211; estruturada em disciplinas comuns a todos os cursos, visa contribuir para a constru\u00e7\u00e3o de identidade pessoal, social e cultural dos alunos;<\/li><li><strong>Forma\u00e7\u00e3o Cient\u00edfica<\/strong> &#8211; estruturada em duas ou tr\u00eas disciplinas, visa proporcionar uma forma\u00e7\u00e3o cient\u00edfica consistente com a qualifica\u00e7\u00e3o a adquirir;<\/li><li><strong>Forma\u00e7\u00e3o Tecnol\u00f3gica<\/strong> &#8211; organizada em Unidades de Forma\u00e7\u00e3o de Curta Dura\u00e7\u00e3o (UFCD), visa a aquisi\u00e7\u00e3o e desenvolvimento de um conjunto de compet\u00eancias t\u00e9cnicas necess\u00e1rias ao exerc\u00edcio profissional;<\/li><li><strong>Forma\u00e7\u00e3o em Contexto de Trabalho<\/strong> &#8211; \u00e9 realizada em empresas ou noutras organiza\u00e7\u00f5es, em per\u00edodos de dura\u00e7\u00e3o vari\u00e1vel ao longo ou no final da forma\u00e7\u00e3o, e visa a aquisi\u00e7\u00e3o e o desenvolvimento de compet\u00eancias t\u00e9cnicas, relacionais e organizacionais relevantes para a qualifica\u00e7\u00e3o profissional.<\/li><\/ul>\n\n\n\n<p>Estes cursos culminam com uma apresenta\u00e7\u00e3o e defesa, perante um j\u00fari, de um projeto, designado por <strong>Prova de Aptid\u00e3o Profissional (PAP<\/strong>), na qual s\u00e3o demonstradas as compet\u00eancias e os conhecimentos que desenvolveram ao longo da forma\u00e7\u00e3o.<\/p>\n\n\n\n<div style=\"height:29px\" aria-hidden=\"true\" class=\"wp-block-spacer\"><\/div>\n\n\n\n<p><strong>Regulamentos:<\/strong><\/p>\n\n\n\n<ul><li><a href=\"https:\/\/avepb.pt\/cp\/wp-content\/uploads\/2020\/12\/M0049_Regulamento_FCT-1.pdf\" target=\"_blank\" rel=\"noreferrer noopener\">Forma\u00e7\u00e3o em Contexto de Trabalho (FCT)<\/a><\/li><li><a href=\"https:\/\/avepb.pt\/cp\/wp-content\/uploads\/2020\/12\/M0037_Regulamento_PAP-1.pdf\" target=\"_blank\" rel=\"noreferrer noopener\">Prova de Aptid\u00e3o Profissional (PAP)<\/a><\/li><\/ul>\n\n\n\n<div style=\"height:29px\" aria-hidden=\"true\" class=\"wp-block-spacer\"><\/div>\n\n\n\n<h2>Para quem?<\/h2>\n\n\n\n<p>Os Cursos Profissionais podem ser os mais indicados para quem:<\/p>\n\n\n\n<ul><li>concluiu o 9.\u00ba ano de escolaridade ou forma\u00e7\u00e3o equivalente;<\/li><li>procura uma forma\u00e7\u00e3o mais pr\u00e1tica e orientada para o mercado de trabalho e\/ou prosseguir estudos superiores.<\/li><\/ul>\n\n\n\n<div style=\"height:30px\" aria-hidden=\"true\" class=\"wp-block-spacer\"><\/div>\n\n\n\n<h2>Qual a certifica\u00e7\u00e3o?<\/h2>\n\n\n\n<p>No final do curso, os alunos obt\u00eam uma dupla certifica\u00e7\u00e3o &#8211; o ensino secund\u00e1rio e uma certifica\u00e7\u00e3o profissional &#8211; conferindo o n\u00edvel 4 de qualifica\u00e7\u00e3o do Quadro Nacional de Qualifica\u00e7\u00f5es &#8211; <a href=\"https:\/\/data.dre.pt\/eli\/port\/782\/2009\/07\/23\/p\/dre\/pt\/html\" target=\"_blank\" rel=\"noreferrer noopener\">Portaria n.\u00ba 782\/2009, 23 de julho<\/a>.<\/p>\n\n\n\n<p>A conclus\u00e3o do ensino secund\u00e1rio nos Cursos Profissionais est\u00e1 depende da aprova\u00e7\u00e3o em todas as disciplinas e UFCD, na forma\u00e7\u00e3o em contexto de trabalho e na Prova de Aptid\u00e3o Profissional.<\/p>\n","protected":false},"excerpt":{"rendered":"<p>O que s\u00e3o?<br \/>\nComo funcionam?<br \/>\nPara quem?<br \/>\nQual a certifica\u00e7\u00e3o?<br \/>\nEstes cursos preparam os jovens para uma mais f\u00e1cil e qualificada inser\u00e7\u00e3o no mercado de trabalho e permitem a realiza\u00e7\u00e3o de estudos ao n\u00edvel p\u00f3s-secund\u00e1rio e ensino superior .<\/p>\n","protected":false},"author":3,"featured_media":842,"parent":0,"menu_order":0,"comment_status":"closed","ping_status":"closed","template":"","meta":[],"_links":{"self":[{"href":"https:\/\/avepb.pt\/cp\/wp-json\/wp\/v2\/pages\/9"}],"collection":[{"href":"https:\/\/avepb.pt\/cp\/wp-json\/wp\/v2\/pages"}],"about":[{"href":"https:\/\/avepb.pt\/cp\/wp-json\/wp\/v2\/types\/page"}],"author":[{"embeddable":true,"href":"https:\/\/avepb.pt\/cp\/wp-json\/wp\/v2\/users\/3"}],"replies":[{"embeddable":true,"href":"https:\/\/avepb.pt\/cp\/wp-json\/wp\/v2\/comments?post=9"}],"version-history":[{"count":30,"href":"https:\/\/avepb.pt\/cp\/wp-json\/wp\/v2\/pages\/9\/revisions"}],"predecessor-version":[{"id":1473,"href":"https:\/\/avepb.pt\/cp\/wp-json\/wp\/v2\/pages\/9\/revisions\/1473"}],"wp:featuredmedia":[{"embeddable":true,"href":"https:\/\/avepb.pt\/cp\/wp-json\/wp\/v2\/media\/842"}],"wp:attachment":[{"href":"https:\/\/avepb.pt\/cp\/wp-json\/wp\/v2\/media?parent=9"}],"curies":[{"name":"wp","href":"https:\/\/api.w.org\/{rel}","templated":true}]}}